{"id":187873,"date":"2026-01-27T14:53:46","date_gmt":"2026-01-27T13:53:46","guid":{"rendered":"https:\/\/immoservicemeisel.com\/?post_type=property&#038;p=187873"},"modified":"2026-01-27T14:53:46","modified_gmt":"2026-01-27T13:53:46","slug":"empuriabrava-appartement-1-chambre-et-balcon-renove","status":"publish","type":"property","link":"https:\/\/immoservicemeisel.com\/fr\/propiedad\/empuriabrava-appartement-1-chambre-et-balcon-renove\/","title":{"rendered":"Empuriabrava, appartement 1 chambre et balcon, renov\u00e9"},"content":{"rendered":"<p>D\u00e9couvrez ce charmant appartement au c\u0153ur d&#8217;Empuriabrava! Situ\u00e9 dans un quartier calme, cet espace ouvert combine harmonieusement une cuisine ouverte sur un s\u00e9jour\/salle \u00e0 manger lumineux, id\u00e9al pour cr\u00e9er des moments inoubliables. La cuisine est enti\u00e8rement \u00e9quip\u00e9e pour pr\u00e9parer vos plats pr\u00e9f\u00e9r\u00e9s, tandis que le s\u00e9jour, meubl\u00e9 avec go\u00fbt, est climatis\u00e9 et dispose d&#8217;un coin salon confortable pour se d\u00e9tendre.<\/p>\n<p>Depuis le s\u00e9jour, vous acc\u00e9dez \u00e0 un ravissant balcon o\u00f9 vous pourrez prendre un verre en plein air et admirer la vue. La chambre double, avec sa fen\u00eatre donnant sur l&#8217;ext\u00e9rieur et son grand placard int\u00e9gr\u00e9, offre un havre de paix id\u00e9al pour se reposer. Cet appartement partiellement meubl\u00e9 et en excellent \u00e9tat est pr\u00eat \u00e0 vous accueillir.<\/p>\n<p>B\u00e9n\u00e9ficiant d&#8217;un emplacement exceptionnel, vous serez \u00e0 deux pas du port et de la plage, et profiterez de toutes les commodit\u00e9s d&#8217;Empuriabrava. Avec 57 m\u00b2 de surface construite et 40 m\u00b2 de surface habitable, cet appartement est le choix id\u00e9al pour ceux qui recherchent un logement confortable dans l&#8217;un des meilleurs quartiers de la Costa Brava. Ne manquez pas cette opportunit\u00e9 unique!<\/p>\n","protected":false},"excerpt":{"rendered":"<p>D\u00e9couvrez ce charmant appartement au c\u0153ur d&#8217;Empuriabrava! Situ\u00e9 dans un quartier calme, cet espace ouvert combine harmonieusement une cuisine ouverte sur un s\u00e9jour\/salle \u00e0 manger lumineux, id\u00e9al pour cr\u00e9er des moments inoubliables. La cuisine est enti\u00e8rement \u00e9quip\u00e9e pour pr\u00e9parer vos plats pr\u00e9f\u00e9r\u00e9s, tandis que le s\u00e9jour, meubl\u00e9 avec go\u00fbt, est climatis\u00e9 et dispose d&#8217;un coin [&hellip;]<\/p>\n","protected":false},"author":4,"featured_media":0,"parent":0,"menu_order":0,"template":"","property_type":[303],"property_status":[444],"property_feature":[451,302],"property_label":[],"property_city":[475],"class_list":["post-187873","property","type-property","status-publish","hentry","property_type-appartements","property_status-on-sale","property_feature-air-conditionne","property_feature-terrasse-fr","property_city-empuriabrava-fr"],"property_meta":{"_wpml_media_duplicate":["0"],"_wpml_media_featured":["0"],"fave_property_price":["157000"],"fave_property_size":["40"],"fave_property_land":["57"],"fave_property_bedrooms":["1"],"fave_property_bathrooms":["1"],"fave_property_year":["1988"],"fave_property_map":["1"],"fave_property_map_address":["Calle Port Banyuls 32, Empuriabrava"],"fave_property_location":["42.243703,3.129317,15"],"houzez_geolocation_lat":["42.243703"],"houzez_geolocation_long":["3.129317"],"fave_property_map_street_view":["hide"],"houzez_featured_listing_date":["2026-01-27 14:55:52"],"fave_loggedintoview":["0"],"fave_agent_display_option":["author_info"],"fave_prop_homeslider":["no"],"fave_single_top_area":["global"],"fave_single_content_area":["global"],"fave_property_rooms":["3"],"houzez_manual_expire":["0"],"classic-editor-remember":["classic-editor"],"_top_nav_excluded":[""],"_wp_page_template":["default"],"_wpml_word_count":["208"],"_houzez_expiration_date_status":["saved"],"_last_translation_edit_mode":["translation-editor"],"fave_property_images":["187868","187864","187860","187856","187852","187848","187844","187840","187836","187832","187828","187824","187820","187816","187812","187808","187804"],"fave_property_address":["Calle Port Banyuls"],"fave_property_zip":["17487"],"fave_featured":["1"],"fave_energy_class":["D"],"fave_renewable_energy_global_index":["89"],"_elementor_page_assets":["a:0:{}"],"houzez_recently_viewed":["2026-05-01 05:04:06"],"houzez_total_property_views":["178"],"houzez_views_by_date":["a:61:{s:10:\"02-12-2026\";i:3;s:10:\"02-13-2026\";i:1;s:10:\"02-14-2026\";i:1;s:10:\"02-15-2026\";i:1;s:10:\"02-17-2026\";i:4;s:10:\"02-18-2026\";i:3;s:10:\"02-19-2026\";i:3;s:10:\"02-21-2026\";i:2;s:10:\"02-22-2026\";i:4;s:10:\"02-23-2026\";i:3;s:10:\"02-25-2026\";i:2;s:10:\"02-26-2026\";i:1;s:10:\"02-27-2026\";i:2;s:10:\"02-28-2026\";i:1;s:10:\"03-01-2026\";i:1;s:10:\"03-02-2026\";i:2;s:10:\"03-03-2026\";i:4;s:10:\"03-04-2026\";i:1;s:10:\"03-05-2026\";i:2;s:10:\"03-07-2026\";i:3;s:10:\"03-09-2026\";i:6;s:10:\"03-10-2026\";i:2;s:10:\"03-11-2026\";i:1;s:10:\"03-12-2026\";i:5;s:10:\"03-13-2026\";i:2;s:10:\"03-14-2026\";i:2;s:10:\"03-15-2026\";i:2;s:10:\"03-16-2026\";i:3;s:10:\"03-17-2026\";i:3;s:10:\"03-19-2026\";i:2;s:10:\"03-21-2026\";i:1;s:10:\"03-23-2026\";i:1;s:10:\"03-24-2026\";i:1;s:10:\"03-25-2026\";i:2;s:10:\"03-26-2026\";i:2;s:10:\"03-27-2026\";i:3;s:10:\"03-28-2026\";i:1;s:10:\"03-29-2026\";i:1;s:10:\"03-30-2026\";i:2;s:10:\"03-31-2026\";i:4;s:10:\"04-01-2026\";i:1;s:10:\"04-02-2026\";i:1;s:10:\"04-03-2026\";i:2;s:10:\"04-04-2026\";i:1;s:10:\"04-05-2026\";i:1;s:10:\"04-07-2026\";i:1;s:10:\"04-08-2026\";i:1;s:10:\"04-11-2026\";i:2;s:10:\"04-12-2026\";i:1;s:10:\"04-13-2026\";i:1;s:10:\"04-14-2026\";i:6;s:10:\"04-15-2026\";i:1;s:10:\"04-16-2026\";i:1;s:10:\"04-17-2026\";i:1;s:10:\"04-18-2026\";i:2;s:10:\"04-20-2026\";i:3;s:10:\"04-23-2026\";i:1;s:10:\"04-25-2026\";i:1;s:10:\"04-28-2026\";i:3;s:10:\"04-29-2026\";i:2;s:10:\"05-01-2026\";i:3;}"]},"_links":{"self":[{"href":"https:\/\/immoservicemeisel.com\/fr\/wp-json\/wp\/v2\/properties\/187873","targetHints":{"allow":["GET"]}}],"collection":[{"href":"https:\/\/immoservicemeisel.com\/fr\/wp-json\/wp\/v2\/properties"}],"about":[{"href":"https:\/\/immoservicemeisel.com\/fr\/wp-json\/wp\/v2\/types\/property"}],"author":[{"embeddable":true,"href":"https:\/\/immoservicemeisel.com\/fr\/wp-json\/wp\/v2\/users\/4"}],"version-history":[{"count":1,"href":"https:\/\/immoservicemeisel.com\/fr\/wp-json\/wp\/v2\/properties\/187873\/revisions"}],"predecessor-version":[{"id":187877,"href":"https:\/\/immoservicemeisel.com\/fr\/wp-json\/wp\/v2\/properties\/187873\/revisions\/187877"}],"wp:attachment":[{"href":"https:\/\/immoservicemeisel.com\/fr\/wp-json\/wp\/v2\/media?parent=187873"}],"wp:term":[{"taxonomy":"property_type","embeddable":true,"href":"https:\/\/immoservicemeisel.com\/fr\/wp-json\/wp\/v2\/property_type?post=187873"},{"taxonomy":"property_status","embeddable":true,"href":"https:\/\/immoservicemeisel.com\/fr\/wp-json\/wp\/v2\/property_status?post=187873"},{"taxonomy":"property_feature","embeddable":true,"href":"https:\/\/immoservicemeisel.com\/fr\/wp-json\/wp\/v2\/property_feature?post=187873"},{"taxonomy":"property_label","embeddable":true,"href":"https:\/\/immoservicemeisel.com\/fr\/wp-json\/wp\/v2\/property_label?post=187873"},{"taxonomy":"property_city","embeddable":true,"href":"https:\/\/immoservicemeisel.com\/fr\/wp-json\/wp\/v2\/property_city?post=187873"}],"curies":[{"name":"wp","href":"https:\/\/api.w.org\/{rel}","templated":true}]}}