{"id":170461,"date":"2024-02-09T20:45:28","date_gmt":"2024-02-09T19:45:28","guid":{"rendered":"https:\/\/immoservicemeisel.com\/propiedad\/figueres\/"},"modified":"2026-04-20T12:12:57","modified_gmt":"2026-04-20T10:12:57","slug":"figueres","status":"publish","type":"property","link":"https:\/\/immoservicemeisel.com\/fr\/propiedad\/figueres\/","title":{"rendered":"Figueres"},"content":{"rendered":"<p>Immeuble avec toit terrasse au centre de Figueres \u00e0 moderniser!<\/p>\n<div>Le b\u00e2timent est situ\u00e9 au centre de Figueres et se compose actuellement de 3 chambres et 1 salle de bain.<\/div>\n<div>La propri\u00e9t\u00e9, enregistr\u00e9e comme immeuble avec toit-terrasse, \u00e9tait jusqu&#8217;\u00e0 r\u00e9cemment utilis\u00e9e comme bureau et entrep\u00f4t.<\/div>\n<div>La propri\u00e9t\u00e9 offre un large \u00e9ventail de possibilit\u00e9s. Il peut \u00eatre utilis\u00e9 comme bureau, mais avec de petites r\u00e9novations, un grand loft moderne peut \u00eatre cr\u00e9\u00e9 ici. M\u00eame un autre \u00e9tage peut \u00eatre construit.<\/div>\n<div>Des places de parking pour les r\u00e9sidents sont situ\u00e9es directement devant le b\u00e2timent et il y a des parkings \u00e0 proximit\u00e9 o\u00f9 vous pouvez louer ou acheter des places de parking.<\/div>\n<div>Nous serions heureux d\u2019organiser une visite avec vous.<\/div>\n<div>Les honoraires d\u2019interm\u00e9diation immobili\u00e8re sont inclus dans le prix.<br \/>\nLe prix n\u2019inclut ni les taxes ni les frais li\u00e9s \u00e0 la vente. Sont \u00e0 la charge de l\u2019acheteur : l\u2019ITP, les frais de notaire, les frais d\u2019inscription au Registre de la Propri\u00e9t\u00e9 et, le cas \u00e9ch\u00e9ant, les frais de financement.<\/div>\n","protected":false},"excerpt":{"rendered":"<p>Immeuble avec toit terrasse au centre de Figueres \u00e0 moderniser! Le b\u00e2timent est situ\u00e9 au centre de Figueres et se compose actuellement de 3 chambres et 1 salle de bain. La propri\u00e9t\u00e9, enregistr\u00e9e comme immeuble avec toit-terrasse, \u00e9tait jusqu&#8217;\u00e0 r\u00e9cemment utilis\u00e9e comme bureau et entrep\u00f4t. La propri\u00e9t\u00e9 offre un large \u00e9ventail de possibilit\u00e9s. Il peut [&hellip;]<\/p>\n","protected":false},"author":1,"featured_media":0,"parent":0,"menu_order":0,"template":"","property_type":[307],"property_status":[444],"property_feature":[],"property_label":[498,500],"property_city":[507],"class_list":["post-170461","property","type-property","status-publish","hentry","property_type-maison","property_status-on-sale","property_label-offre","property_label-prix-reduit","property_city-figueres-fr"],"property_meta":{"_wpml_media_duplicate":["0"],"_wpml_media_featured":["0"],"fave_property_land":["100"],"fave_property_bathrooms":["1"],"fave_property_map":["1"],"fave_property_map_address":["Carrer de les Terreres, Figueres, Alt Empord\u00e0, Girona, 17600, Espa\u00f1a"],"fave_property_location":["42.2642125,2.9596289,15"],"houzez_geolocation_lat":["42.2642125"],"houzez_geolocation_long":["2.9596289"],"fave_property_map_street_view":["hide"],"fave_property_address":["Carrer de les terreres"],"fave_property_zip":["17600"],"fave_featured":["0"],"fave_loggedintoview":["0"],"fave_property_images":["170363","170367","170371","170375","170379","170383","170387","170391","170395","170399","170403","170407","170411","170415","170419","170423","170427","170431","170435","170439","170443","170447","170451","170455"],"fave_prop_homeslider":["no"],"fave_single_top_area":["global"],"fave_single_content_area":["global"],"houzez_manual_expire":["0"],"classic-editor-remember":["classic-editor"],"_top_nav_excluded":[""],"_wp_page_template":["default"],"fave_agent_display_option":["agent_info"],"fave_agents":["156"],"fave_property_price":["105000"],"_elementor_page_assets":["a:0:{}"],"fave_property_size":["80"],"fave_property_rooms":["2"],"houzez_recently_viewed":["2026-05-01 04:53:09"],"houzez_total_property_views":["594"],"houzez_views_by_date":["a:61:{s:10:\"01-13-2026\";i:3;s:10:\"01-15-2026\";i:2;s:10:\"01-17-2026\";i:3;s:10:\"01-18-2026\";i:2;s:10:\"01-22-2026\";i:1;s:10:\"01-24-2026\";i:2;s:10:\"01-26-2026\";i:1;s:10:\"01-28-2026\";i:1;s:10:\"01-29-2026\";i:4;s:10:\"02-02-2026\";i:3;s:10:\"02-03-2026\";i:1;s:10:\"02-06-2026\";i:1;s:10:\"02-08-2026\";i:1;s:10:\"02-09-2026\";i:2;s:10:\"02-10-2026\";i:1;s:10:\"02-11-2026\";i:1;s:10:\"02-12-2026\";i:3;s:10:\"02-13-2026\";i:3;s:10:\"02-15-2026\";i:2;s:10:\"02-17-2026\";i:2;s:10:\"02-18-2026\";i:1;s:10:\"02-20-2026\";i:3;s:10:\"02-23-2026\";i:2;s:10:\"02-24-2026\";i:2;s:10:\"02-25-2026\";i:1;s:10:\"02-26-2026\";i:3;s:10:\"03-01-2026\";i:2;s:10:\"03-02-2026\";i:2;s:10:\"03-03-2026\";i:2;s:10:\"03-05-2026\";i:1;s:10:\"03-06-2026\";i:1;s:10:\"03-07-2026\";i:1;s:10:\"03-09-2026\";i:2;s:10:\"03-10-2026\";i:1;s:10:\"03-11-2026\";i:2;s:10:\"03-12-2026\";i:2;s:10:\"03-13-2026\";i:2;s:10:\"03-17-2026\";i:1;s:10:\"03-18-2026\";i:2;s:10:\"03-19-2026\";i:1;s:10:\"03-23-2026\";i:1;s:10:\"03-25-2026\";i:1;s:10:\"03-26-2026\";i:1;s:10:\"03-28-2026\";i:1;s:10:\"03-30-2026\";i:3;s:10:\"03-31-2026\";i:8;s:10:\"04-02-2026\";i:2;s:10:\"04-04-2026\";i:1;s:10:\"04-06-2026\";i:1;s:10:\"04-08-2026\";i:3;s:10:\"04-12-2026\";i:2;s:10:\"04-14-2026\";i:1;s:10:\"04-16-2026\";i:4;s:10:\"04-17-2026\";i:2;s:10:\"04-19-2026\";i:1;s:10:\"04-20-2026\";i:1;s:10:\"04-21-2026\";i:1;s:10:\"04-26-2026\";i:1;s:10:\"04-28-2026\";i:1;s:10:\"04-29-2026\";i:1;s:10:\"05-01-2026\";i:1;}"],"_last_translation_edit_mode":["translation-editor"],"_cms_nav_minihome":[""],"_wpml_word_count":["181"]},"_links":{"self":[{"href":"https:\/\/immoservicemeisel.com\/fr\/wp-json\/wp\/v2\/properties\/170461","targetHints":{"allow":["GET"]}}],"collection":[{"href":"https:\/\/immoservicemeisel.com\/fr\/wp-json\/wp\/v2\/properties"}],"about":[{"href":"https:\/\/immoservicemeisel.com\/fr\/wp-json\/wp\/v2\/types\/property"}],"author":[{"embeddable":true,"href":"https:\/\/immoservicemeisel.com\/fr\/wp-json\/wp\/v2\/users\/1"}],"version-history":[{"count":1,"href":"https:\/\/immoservicemeisel.com\/fr\/wp-json\/wp\/v2\/properties\/170461\/revisions"}],"predecessor-version":[{"id":190861,"href":"https:\/\/immoservicemeisel.com\/fr\/wp-json\/wp\/v2\/properties\/170461\/revisions\/190861"}],"wp:attachment":[{"href":"https:\/\/immoservicemeisel.com\/fr\/wp-json\/wp\/v2\/media?parent=170461"}],"wp:term":[{"taxonomy":"property_type","embeddable":true,"href":"https:\/\/immoservicemeisel.com\/fr\/wp-json\/wp\/v2\/property_type?post=170461"},{"taxonomy":"property_status","embeddable":true,"href":"https:\/\/immoservicemeisel.com\/fr\/wp-json\/wp\/v2\/property_status?post=170461"},{"taxonomy":"property_feature","embeddable":true,"href":"https:\/\/immoservicemeisel.com\/fr\/wp-json\/wp\/v2\/property_feature?post=170461"},{"taxonomy":"property_label","embeddable":true,"href":"https:\/\/immoservicemeisel.com\/fr\/wp-json\/wp\/v2\/property_label?post=170461"},{"taxonomy":"property_city","embeddable":true,"href":"https:\/\/immoservicemeisel.com\/fr\/wp-json\/wp\/v2\/property_city?post=170461"}],"curies":[{"name":"wp","href":"https:\/\/api.w.org\/{rel}","templated":true}]}}