{"id":170462,"date":"2024-02-09T20:45:45","date_gmt":"2024-02-09T19:45:45","guid":{"rendered":"https:\/\/immoservicemeisel.com\/propiedad\/figueres\/"},"modified":"2026-04-20T12:13:36","modified_gmt":"2026-04-20T10:13:36","slug":"figueres","status":"publish","type":"property","link":"https:\/\/immoservicemeisel.com\/de\/propiedad\/figueres\/","title":{"rendered":"Figueres"},"content":{"rendered":"<p>Geb\u00e4ude mit Dachterrasse im Zentrum von Figueres, zum modernisieren!<\/p>\n<div>Im Zentrum von Figueres befindet sich das Geb\u00e4ude, das derzeit aus 3 Zimmern und 1 Badezimmer besteht.<\/div>\n<div>Die als Geb\u00e4ude mit Dachterrasse eingetragene Immobilie wurde bis vor Kurzem als B\u00fcro und Lager genutzt.<\/div>\n<div>Das Objekt bietet vielf\u00e4ltige M\u00f6glichkeiten. Es kann als B\u00fcro genutzt werden, mit kleinen Umbauarbeiten kann hier ein gro\u00dfes modernes Loft entstehen. Selbst eine weitere Etage kann gebaut werden.<\/div>\n<div>Parkpl\u00e4tze f\u00fcr Bewohner befinden sich direkt vor dem Geb\u00e4ude und in der N\u00e4he gibt es Parkh\u00e4user, wo man Parkpl\u00e4tze mieten oder kaufen kann.<\/div>\n<div>Gerne vereinbaren wir mit Ihnen einen Besichtigungstermin.<\/div>\n<div>Die Maklergeb\u00fchren sind im Preis enthalten.<br \/>\nDer Preis beinhaltet keine Steuern oder Nebenkosten im Zusammenhang mit dem Verkauf. Der K\u00e4ufer tr\u00e4gt die Verantwortung f\u00fcr: Grunderwerbsteuer, Notargeb\u00fchren, Grundbuchgeb\u00fchren und gegebenenfalls Finanzierungskosten.<\/div>\n","protected":false},"excerpt":{"rendered":"<p>Geb\u00e4ude mit Dachterrasse im Zentrum von Figueres, zum modernisieren! Im Zentrum von Figueres befindet sich das Geb\u00e4ude, das derzeit aus 3 Zimmern und 1 Badezimmer besteht. Die als Geb\u00e4ude mit Dachterrasse eingetragene Immobilie wurde bis vor Kurzem als B\u00fcro und Lager genutzt. Das Objekt bietet vielf\u00e4ltige M\u00f6glichkeiten. Es kann als B\u00fcro genutzt werden, mit kleinen [&hellip;]<\/p>\n","protected":false},"author":1,"featured_media":0,"parent":0,"menu_order":0,"template":"","property_type":[305],"property_status":[445],"property_feature":[],"property_label":[499,501],"property_city":[506],"class_list":["post-170462","property","type-property","status-publish","hentry","property_type-haeuser","property_status-verkaufen","property_label-angebot","property_label-reduzierter-preis","property_city-figueres-de"],"property_meta":{"_wpml_media_duplicate":["0"],"_wpml_media_featured":["0"],"fave_property_land":["100"],"fave_property_bathrooms":["1"],"fave_property_map":["1"],"fave_property_map_address":["Carrer de les Terreres, Figueres, Alt Empord\u00e0, Girona, 17600, Espa\u00f1a"],"fave_property_location":["42.2642125,2.9596289,15"],"houzez_geolocation_lat":["42.2642125"],"houzez_geolocation_long":["2.9596289"],"fave_property_map_street_view":["hide"],"fave_property_address":["Carrer de les terreres"],"fave_property_zip":["17600"],"fave_featured":["0"],"fave_loggedintoview":["0"],"fave_property_images":["170363","170367","170371","170375","170379","170383","170387","170391","170395","170399","170403","170407","170411","170415","170419","170423","170427","170431","170435","170439","170443","170447","170451","170455"],"fave_prop_homeslider":["no"],"fave_single_top_area":["global"],"fave_single_content_area":["global"],"houzez_manual_expire":["0"],"classic-editor-remember":["classic-editor"],"_top_nav_excluded":[""],"_wp_page_template":["default"],"fave_agent_display_option":["agent_info"],"fave_agents":["156"],"fave_property_price":["105000"],"_elementor_page_assets":["a:0:{}"],"fave_property_size":["80"],"fave_property_rooms":["2"],"houzez_recently_viewed":["2026-05-01 04:51:34"],"houzez_total_property_views":["598"],"houzez_views_by_date":["a:61:{s:10:\"01-11-2026\";i:1;s:10:\"01-13-2026\";i:3;s:10:\"01-15-2026\";i:2;s:10:\"01-17-2026\";i:3;s:10:\"01-18-2026\";i:2;s:10:\"01-22-2026\";i:1;s:10:\"01-24-2026\";i:2;s:10:\"01-26-2026\";i:1;s:10:\"01-28-2026\";i:1;s:10:\"01-29-2026\";i:4;s:10:\"02-02-2026\";i:3;s:10:\"02-03-2026\";i:1;s:10:\"02-06-2026\";i:1;s:10:\"02-08-2026\";i:1;s:10:\"02-09-2026\";i:2;s:10:\"02-10-2026\";i:1;s:10:\"02-11-2026\";i:1;s:10:\"02-12-2026\";i:3;s:10:\"02-13-2026\";i:3;s:10:\"02-15-2026\";i:2;s:10:\"02-17-2026\";i:2;s:10:\"02-18-2026\";i:1;s:10:\"02-20-2026\";i:3;s:10:\"02-23-2026\";i:2;s:10:\"02-24-2026\";i:2;s:10:\"02-25-2026\";i:1;s:10:\"02-26-2026\";i:3;s:10:\"03-01-2026\";i:2;s:10:\"03-02-2026\";i:2;s:10:\"03-03-2026\";i:2;s:10:\"03-05-2026\";i:1;s:10:\"03-06-2026\";i:1;s:10:\"03-07-2026\";i:1;s:10:\"03-09-2026\";i:2;s:10:\"03-10-2026\";i:1;s:10:\"03-11-2026\";i:2;s:10:\"03-12-2026\";i:2;s:10:\"03-13-2026\";i:2;s:10:\"03-17-2026\";i:1;s:10:\"03-18-2026\";i:2;s:10:\"03-19-2026\";i:1;s:10:\"03-23-2026\";i:1;s:10:\"03-25-2026\";i:1;s:10:\"03-26-2026\";i:1;s:10:\"03-28-2026\";i:1;s:10:\"03-30-2026\";i:3;s:10:\"03-31-2026\";i:8;s:10:\"04-02-2026\";i:2;s:10:\"04-04-2026\";i:1;s:10:\"04-06-2026\";i:1;s:10:\"04-08-2026\";i:3;s:10:\"04-12-2026\";i:2;s:10:\"04-14-2026\";i:1;s:10:\"04-16-2026\";i:4;s:10:\"04-17-2026\";i:2;s:10:\"04-19-2026\";i:1;s:10:\"04-20-2026\";i:2;s:10:\"04-21-2026\";i:1;s:10:\"04-24-2026\";i:1;s:10:\"04-29-2026\";i:4;s:10:\"05-01-2026\";i:2;}"],"_last_translation_edit_mode":["translation-editor"],"_cms_nav_minihome":[""],"_wpml_word_count":["166"]},"_links":{"self":[{"href":"https:\/\/immoservicemeisel.com\/de\/wp-json\/wp\/v2\/properties\/170462","targetHints":{"allow":["GET"]}}],"collection":[{"href":"https:\/\/immoservicemeisel.com\/de\/wp-json\/wp\/v2\/properties"}],"about":[{"href":"https:\/\/immoservicemeisel.com\/de\/wp-json\/wp\/v2\/types\/property"}],"author":[{"embeddable":true,"href":"https:\/\/immoservicemeisel.com\/de\/wp-json\/wp\/v2\/users\/1"}],"version-history":[{"count":1,"href":"https:\/\/immoservicemeisel.com\/de\/wp-json\/wp\/v2\/properties\/170462\/revisions"}],"predecessor-version":[{"id":190862,"href":"https:\/\/immoservicemeisel.com\/de\/wp-json\/wp\/v2\/properties\/170462\/revisions\/190862"}],"wp:attachment":[{"href":"https:\/\/immoservicemeisel.com\/de\/wp-json\/wp\/v2\/media?parent=170462"}],"wp:term":[{"taxonomy":"property_type","embeddable":true,"href":"https:\/\/immoservicemeisel.com\/de\/wp-json\/wp\/v2\/property_type?post=170462"},{"taxonomy":"property_status","embeddable":true,"href":"https:\/\/immoservicemeisel.com\/de\/wp-json\/wp\/v2\/property_status?post=170462"},{"taxonomy":"property_feature","embeddable":true,"href":"https:\/\/immoservicemeisel.com\/de\/wp-json\/wp\/v2\/property_feature?post=170462"},{"taxonomy":"property_label","embeddable":true,"href":"https:\/\/immoservicemeisel.com\/de\/wp-json\/wp\/v2\/property_label?post=170462"},{"taxonomy":"property_city","embeddable":true,"href":"https:\/\/immoservicemeisel.com\/de\/wp-json\/wp\/v2\/property_city?post=170462"}],"curies":[{"name":"wp","href":"https:\/\/api.w.org\/{rel}","templated":true}]}}